{"id":550,"date":"2021-07-26T12:53:09","date_gmt":"2021-07-26T12:53:09","guid":{"rendered":"https:\/\/hotel-avanti.ms.decms.eu\/?page_id=550"},"modified":"2021-10-18T12:26:42","modified_gmt":"2021-10-18T12:26:42","slug":"kleiner-saal","status":"publish","type":"page","link":"https:\/\/www.hotelavanti.cz\/de\/konferenz\/kleiner-saal\/","title":{"rendered":"Kleiner Saal"},"content":{"rendered":"<p><strong>Max. 60 Personen<\/strong><\/p>\n<ul>\n<li>voll klimatisierter Raum mit quadratischem Grundriss<\/li>\n<li>Kapazit\u00e4t bis zu 60 Personen<\/li>\n<li>optimale Raumgr\u00f6\u00dfe f\u00fcr mittelgro\u00dfe Gruppen<\/li>\n<li>Pr\u00e4sentationstechnik<\/li>\n<li>Zutritt aus dem ger\u00e4umigen Vorsaal mit Caf\u00e9 Bar<\/li>\n<\/ul>\n","protected":false},"excerpt":{"rendered":"<p>Max. 60 Personen voll klimatisierter Raum mit quadratischem Grundriss Kapazit\u00e4t bis zu 60 Personen optimale Raumgr\u00f6\u00dfe f\u00fcr mittelgro\u00dfe Gruppen Pr\u00e4sentationstechnik Zutritt aus dem ger\u00e4umigen Vorsaal mit Caf\u00e9 Bar<\/p>\n","protected":false},"author":36,"featured_media":0,"parent":491,"menu_order":20,"comment_status":"closed","ping_status":"closed","template":"template-meeting.php","meta":{"footnotes":""},"class_list":["post-550","page","type-page","status-publish","hentry"],"yoast_head":"<!-- This site is optimized with the Yoast SEO plugin v26.9 - https:\/\/yoast.com\/product\/yoast-seo-wordpress\/ -->\n<title>Kleiner Saal - Hotel Avanti Brno -<\/title>\n<meta name=\"description\" content=\"Max. 60 Personen   voll klimatisierter Raum mit quadratischem Grundriss  Kapazit\u00e4t bis zu 60 Personen  optimale Raumgr\u00f6\u00dfe f\u00fcr mittelgro\u00dfe Gruppen  Pr\u00e4sentationstechnik  Zutritt aus dem ger\u00e4umigen Vorsaal mit Caf\u00e9 Bar\" \/>\n<meta name=\"robots\" content=\"index, follow, max-snippet:-1, max-image-preview:large, max-video-preview:-1\" \/>\n<link rel=\"canonical\" href=\"https:\/\/www.hotelavanti.cz\/de\/konferenz\/kleiner-saal\/\" \/>\n<meta property=\"og:locale\" content=\"de_DE\" \/>\n<meta property=\"og:type\" content=\"article\" \/>\n<meta property=\"og:title\" content=\"Kleiner Saal - Hotel Avanti Brno -\" \/>\n<meta property=\"og:description\" content=\"Max. 60 Personen   voll klimatisierter Raum mit quadratischem Grundriss  Kapazit\u00e4t bis zu 60 Personen  optimale Raumgr\u00f6\u00dfe f\u00fcr mittelgro\u00dfe Gruppen  Pr\u00e4sentationstechnik  Zutritt aus dem ger\u00e4umigen Vorsaal mit Caf\u00e9 Bar\" \/>\n<meta property=\"og:url\" content=\"https:\/\/www.hotelavanti.cz\/de\/konferenz\/kleiner-saal\/\" \/>\n<meta property=\"og:site_name\" content=\"Hotel Avanti Brno\" \/>\n<meta property=\"article:modified_time\" content=\"2021-10-18T12:26:42+00:00\" \/>\n<meta property=\"og:image\" content=\"https:\/\/www.hotelavanti.cz\/wp-content\/uploads\/sites\/329\/2021\/07\/Hotel_avanti_president_apartment_gallery01-1.jpg\" \/>\n\t<meta property=\"og:image:width\" content=\"1200\" \/>\n\t<meta property=\"og:image:height\" content=\"800\" \/>\n\t<meta property=\"og:image:type\" content=\"image\/jpeg\" \/>\n<meta name=\"twitter:card\" content=\"summary_large_image\" \/>\n<meta name=\"twitter:label1\" content=\"Gesch\u00e4tzte Lesezeit\" \/>\n\t<meta name=\"twitter:data1\" content=\"1 Minute\" \/>\n<script type=\"application\/ld+json\" class=\"yoast-schema-graph\">{\"@context\":\"https:\/\/schema.org\",\"@graph\":[{\"@type\":\"WebPage\",\"@id\":\"https:\/\/www.hotelavanti.cz\/de\/konferenz\/kleiner-saal\/\",\"url\":\"https:\/\/www.hotelavanti.cz\/de\/konferenz\/kleiner-saal\/\",\"name\":\"Kleiner Saal - Hotel Avanti Brno -\",\"isPartOf\":{\"@id\":\"https:\/\/www.hotelavanti.cz\/de\/#website\"},\"datePublished\":\"2021-07-26T12:53:09+00:00\",\"dateModified\":\"2021-10-18T12:26:42+00:00\",\"description\":\"Max. 60 Personen \u2022 voll klimatisierter Raum mit quadratischem Grundriss \u2022 Kapazit\u00e4t bis zu 60 Personen \u2022 optimale Raumgr\u00f6\u00dfe f\u00fcr mittelgro\u00dfe Gruppen \u2022 Pr\u00e4sentationstechnik \u2022 Zutritt aus dem ger\u00e4umigen Vorsaal mit Caf\u00e9 Bar\",\"breadcrumb\":{\"@id\":\"https:\/\/www.hotelavanti.cz\/de\/konferenz\/kleiner-saal\/#breadcrumb\"},\"inLanguage\":\"de-DE\",\"potentialAction\":[{\"@type\":\"ReadAction\",\"target\":[\"https:\/\/www.hotelavanti.cz\/de\/konferenz\/kleiner-saal\/\"]}]},{\"@type\":\"BreadcrumbList\",\"@id\":\"https:\/\/www.hotelavanti.cz\/de\/konferenz\/kleiner-saal\/#breadcrumb\",\"itemListElement\":[{\"@type\":\"ListItem\",\"position\":1,\"name\":\"Home\",\"item\":\"https:\/\/www.hotelavanti.cz\/de\/\"},{\"@type\":\"ListItem\",\"position\":2,\"name\":\"Konferenz\",\"item\":\"https:\/\/www.hotelavanti.cz\/de\/konferenz\/\"},{\"@type\":\"ListItem\",\"position\":3,\"name\":\"Kleiner Saal\"}]},{\"@type\":\"WebSite\",\"@id\":\"https:\/\/www.hotelavanti.cz\/de\/#website\",\"url\":\"https:\/\/www.hotelavanti.cz\/de\/\",\"name\":\"Hotel Avanti Brno\",\"description\":\"Just another ms.decms.eu site\",\"potentialAction\":[{\"@type\":\"SearchAction\",\"target\":{\"@type\":\"EntryPoint\",\"urlTemplate\":\"https:\/\/www.hotelavanti.cz\/de\/?s={search_term_string}\"},\"query-input\":{\"@type\":\"PropertyValueSpecification\",\"valueRequired\":true,\"valueName\":\"search_term_string\"}}],\"inLanguage\":\"de-DE\"}]}<\/script>\n<!-- \/ Yoast SEO plugin. -->","yoast_head_json":{"title":"Kleiner Saal - Hotel Avanti Brno -","description":"Max. 60 Personen   voll klimatisierter Raum mit quadratischem Grundriss  Kapazit\u00e4t bis zu 60 Personen  optimale Raumgr\u00f6\u00dfe f\u00fcr mittelgro\u00dfe Gruppen  Pr\u00e4sentationstechnik  Zutritt aus dem ger\u00e4umigen Vorsaal mit Caf\u00e9 Bar","robots":{"index":"index","follow":"follow","max-snippet":"max-snippet:-1","max-image-preview":"max-image-preview:large","max-video-preview":"max-video-preview:-1"},"canonical":"https:\/\/www.hotelavanti.cz\/de\/konferenz\/kleiner-saal\/","og_locale":"de_DE","og_type":"article","og_title":"Kleiner Saal - Hotel Avanti Brno -","og_description":"Max. 60 Personen   voll klimatisierter Raum mit quadratischem Grundriss  Kapazit\u00e4t bis zu 60 Personen  optimale Raumgr\u00f6\u00dfe f\u00fcr mittelgro\u00dfe Gruppen  Pr\u00e4sentationstechnik  Zutritt aus dem ger\u00e4umigen Vorsaal mit Caf\u00e9 Bar","og_url":"https:\/\/www.hotelavanti.cz\/de\/konferenz\/kleiner-saal\/","og_site_name":"Hotel Avanti Brno","article_modified_time":"2021-10-18T12:26:42+00:00","og_image":[{"width":1200,"height":800,"url":"https:\/\/www.hotelavanti.cz\/wp-content\/uploads\/sites\/329\/2021\/07\/Hotel_avanti_president_apartment_gallery01-1.jpg","type":"image\/jpeg"}],"twitter_card":"summary_large_image","twitter_misc":{"Gesch\u00e4tzte Lesezeit":"1 Minute"},"schema":{"@context":"https:\/\/schema.org","@graph":[{"@type":"WebPage","@id":"https:\/\/www.hotelavanti.cz\/de\/konferenz\/kleiner-saal\/","url":"https:\/\/www.hotelavanti.cz\/de\/konferenz\/kleiner-saal\/","name":"Kleiner Saal - Hotel Avanti Brno -","isPartOf":{"@id":"https:\/\/www.hotelavanti.cz\/de\/#website"},"datePublished":"2021-07-26T12:53:09+00:00","dateModified":"2021-10-18T12:26:42+00:00","description":"Max. 60 Personen \u2022 voll klimatisierter Raum mit quadratischem Grundriss \u2022 Kapazit\u00e4t bis zu 60 Personen \u2022 optimale Raumgr\u00f6\u00dfe f\u00fcr mittelgro\u00dfe Gruppen \u2022 Pr\u00e4sentationstechnik \u2022 Zutritt aus dem ger\u00e4umigen Vorsaal mit Caf\u00e9 Bar","breadcrumb":{"@id":"https:\/\/www.hotelavanti.cz\/de\/konferenz\/kleiner-saal\/#breadcrumb"},"inLanguage":"de-DE","potentialAction":[{"@type":"ReadAction","target":["https:\/\/www.hotelavanti.cz\/de\/konferenz\/kleiner-saal\/"]}]},{"@type":"BreadcrumbList","@id":"https:\/\/www.hotelavanti.cz\/de\/konferenz\/kleiner-saal\/#breadcrumb","itemListElement":[{"@type":"ListItem","position":1,"name":"Home","item":"https:\/\/www.hotelavanti.cz\/de\/"},{"@type":"ListItem","position":2,"name":"Konferenz","item":"https:\/\/www.hotelavanti.cz\/de\/konferenz\/"},{"@type":"ListItem","position":3,"name":"Kleiner Saal"}]},{"@type":"WebSite","@id":"https:\/\/www.hotelavanti.cz\/de\/#website","url":"https:\/\/www.hotelavanti.cz\/de\/","name":"Hotel Avanti Brno","description":"Just another ms.decms.eu site","potentialAction":[{"@type":"SearchAction","target":{"@type":"EntryPoint","urlTemplate":"https:\/\/www.hotelavanti.cz\/de\/?s={search_term_string}"},"query-input":{"@type":"PropertyValueSpecification","valueRequired":true,"valueName":"search_term_string"}}],"inLanguage":"de-DE"}]}},"acf":[],"_links":{"self":[{"href":"https:\/\/www.hotelavanti.cz\/de\/wp-json\/wp\/v2\/pages\/550","targetHints":{"allow":["GET"]}}],"collection":[{"href":"https:\/\/www.hotelavanti.cz\/de\/wp-json\/wp\/v2\/pages"}],"about":[{"href":"https:\/\/www.hotelavanti.cz\/de\/wp-json\/wp\/v2\/types\/page"}],"author":[{"embeddable":true,"href":"https:\/\/www.hotelavanti.cz\/de\/wp-json\/wp\/v2\/users\/36"}],"replies":[{"embeddable":true,"href":"https:\/\/www.hotelavanti.cz\/de\/wp-json\/wp\/v2\/comments?post=550"}],"version-history":[{"count":0,"href":"https:\/\/www.hotelavanti.cz\/de\/wp-json\/wp\/v2\/pages\/550\/revisions"}],"up":[{"embeddable":true,"href":"https:\/\/www.hotelavanti.cz\/de\/wp-json\/wp\/v2\/pages\/491"}],"wp:attachment":[{"href":"https:\/\/www.hotelavanti.cz\/de\/wp-json\/wp\/v2\/media?parent=550"}],"curies":[{"name":"wp","href":"https:\/\/api.w.org\/{rel}","templated":true}]}}